{"id":3790,"date":"2021-01-14T09:35:50","date_gmt":"2021-01-14T09:35:50","guid":{"rendered":"https:\/\/www.iql-nog.com\/news\/"},"modified":"2025-08-04T23:33:53","modified_gmt":"2025-08-04T23:33:53","slug":"noticias","status":"publish","type":"page","link":"https:\/\/www.iql-nog.com\/es\/noticias\/","title":{"rendered":"Noticias"},"content":{"rendered":"<div class=\"fusion-fullwidth fullwidth-box fusion-builder-row-1 fusion-flex-container nonhundred-percent-fullwidth non-hundred-percent-height-scrolling\" style=\"--awb-border-radius-top-left:0px;--awb-border-radius-top-right:0px;--awb-border-radius-bottom-right:0px;--awb-border-radius-bottom-left:0px;--awb-flex-wrap:wrap;\" ><div class=\"fusion-builder-row fusion-row fusion-flex-align-items-flex-start fusion-flex-content-wrap\" style=\"max-width:1248px;margin-left: calc(-4% \/ 2 );margin-right: calc(-4% \/ 2 );\"><div class=\"fusion-layout-column fusion_builder_column fusion-builder-column-0 fusion_builder_column_1_1 1_1 fusion-flex-column\" style=\"--awb-bg-size:cover;--awb-width-large:100%;--awb-margin-top-large:0px;--awb-spacing-right-large:1.92%;--awb-margin-bottom-large:20px;--awb-spacing-left-large:1.92%;--awb-width-medium:100%;--awb-order-medium:0;--awb-spacing-right-medium:1.92%;--awb-spacing-left-medium:1.92%;--awb-width-small:100%;--awb-order-small:0;--awb-spacing-right-small:1.92%;--awb-spacing-left-small:1.92%;\"><div class=\"fusion-column-wrapper fusion-column-has-shadow fusion-flex-justify-content-flex-start fusion-content-layout-column\"><div class=\"fusion-title title fusion-title-1 sep-underline sep-solid fusion-title-text fusion-title-size-one\" style=\"--awb-margin-top:20px;--awb-margin-bottom:30px;--awb-margin-top-small:10px;--awb-margin-right-small:0px;--awb-margin-bottom-small:40px;--awb-margin-left-small:0px;--awb-sep-color:#35a085;\"><h1 class=\"fusion-title-heading title-heading-left\" style=\"font-family:&quot;Noto Sans JP&quot;;font-style:normal;font-weight:100;margin:0;\">Noticias<\/h1><\/div><div class=\"fusion-blog-shortcode fusion-blog-shortcode-1 fusion-blog-archive fusion-blog-layout-grid-wrapper fusion-blog-pagination\"><style type=\"text\/css\">.fusion-blog-shortcode-1 .fusion-blog-layout-grid .fusion-post-grid{padding:10px;}.fusion-blog-shortcode-1 .fusion-posts-container{margin-left: -10px !important; margin-right:-10px !important;}<\/style><div class=\"fusion-posts-container fusion-posts-container-pagination fusion-no-meta-info fusion-blog-rollover fusion-blog-layout-grid fusion-blog-layout-grid-3 isotope\" data-pages=\"2\" data-grid-col-space=\"20\" style=\"margin: -10px -10px 0;min-height:500px;\"><article id=\"blog-1-post-4426\" class=\"fusion-post-grid post-4426 post type-post status-publish format-standard has-post-thumbnail hentry category-novedades-and-media-es\">\n<div class=\"fusion-post-wrapper\" style=\"background-color:rgba(255,255,255,0);border:1px solid #ebeaea;border-bottom-width:3px;\">\n\n\t\t\t<div class=\"fusion-flexslider flexslider fusion-flexslider-loading fusion-post-slideshow\" style=\"border-color:#ebeaea;\">\n\t\t<ul class=\"slides\">\n\t\t\t\n\t\t\t\t\t\t\t\t\t\t\t\t\t\t<li><div  class=\"fusion-image-wrapper\" aria-haspopup=\"true\">\n\t\t\t\t<img decoding=\"async\" width=\"1920\" height=\"2560\" src=\"https:\/\/www.iql-nog.com\/wp-content\/uploads\/2026\/04\/iql-rosa-sant-jordi-scaled.jpeg\" class=\"attachment-full size-full lazyload wp-post-image\" alt=\"iql rosa sant jordi\" srcset=\"data:image\/svg+xml,%3Csvg%20xmlns%3D%27http%3A%2F%2Fwww.w3.org%2F2000%2Fsvg%27%20width%3D%271920%27%20height%3D%272560%27%20viewBox%3D%270%200%201920%202560%27%3E%3Crect%20width%3D%271920%27%20height%3D%272560%27%20fill-opacity%3D%220%22%2F%3E%3C%2Fsvg%3E\" data-orig-src=\"https:\/\/www.iql-nog.com\/wp-content\/uploads\/2026\/04\/iql-rosa-sant-jordi-scaled.jpeg\" data-srcset=\"https:\/\/www.iql-nog.com\/wp-content\/uploads\/2026\/04\/iql-rosa-sant-jordi-200x267.jpeg 200w, https:\/\/www.iql-nog.com\/wp-content\/uploads\/2026\/04\/iql-rosa-sant-jordi-400x533.jpeg 400w, https:\/\/www.iql-nog.com\/wp-content\/uploads\/2026\/04\/iql-rosa-sant-jordi-600x800.jpeg 600w, https:\/\/www.iql-nog.com\/wp-content\/uploads\/2026\/04\/iql-rosa-sant-jordi-800x1067.jpeg 800w, https:\/\/www.iql-nog.com\/wp-content\/uploads\/2026\/04\/iql-rosa-sant-jordi-1200x1600.jpeg 1200w, https:\/\/www.iql-nog.com\/wp-content\/uploads\/2026\/04\/iql-rosa-sant-jordi-scaled.jpeg 1920w\" data-sizes=\"auto\" \/><div class=\"fusion-rollover\">\n\t<div class=\"fusion-rollover-content\">\n\n\t\t\t\t\t\t\t\t\t\t\t\t\t\t<a class=\"fusion-rollover-link\" href=\"https:\/\/www.iql-nog.com\/es\/2026\/04\/23\/celebrando-sant-jordi-con-rosas\/\">Celebrando Sant Jordi con rosas<\/a>\n\t\t\t\n\t\t\t\t\t\t\t\t\t\t\t\t\t\t\n\t\t\t\t\t\t\t\t\n\t\t\t\t\t\t\t\t\t\t\t\t\t<div class=\"fusion-rollover-sep\"><\/div>\n\t\t\t\t\n\t\t\t\t\t\t\t\t\t\t\t\t\t\t\t\t\t\t<a class=\"fusion-rollover-gallery\" href=\"https:\/\/www.iql-nog.com\/wp-content\/uploads\/2026\/04\/iql-rosa-sant-jordi-scaled.jpeg\" data-options=\"\" data-id=\"4426\" data-rel=\"iLightbox[gallery]\" data-title=\"iql rosa sant jordi\" data-caption=\"\">\n\t\t\t\t\t\tGaler\u00eda\t\t\t\t\t<\/a>\n\t\t\t\t\t\t\t\t\t\t\t\t\t\t\n\t\t\n\t\t\t\t\t\t\t\t\t\t\t\t<h4 class=\"fusion-rollover-title\">\n\t\t\t\t\t<a class=\"fusion-rollover-title-link\" href=\"https:\/\/www.iql-nog.com\/es\/2026\/04\/23\/celebrando-sant-jordi-con-rosas\/\">\n\t\t\t\t\t\tCelebrando Sant Jordi con rosas\t\t\t\t\t<\/a>\n\t\t\t\t<\/h4>\n\t\t\t\n\t\t\t\t\t\t\t\t\t\t<div class=\"fusion-rollover-categories\"><a href=\"https:\/\/www.iql-nog.com\/es\/category\/novedades-and-media-es\/\" rel=\"tag\">Novedades and Media<\/a><\/div>\t\t\t\t\t\n\t\t\n\t\t\t\t\t\t<a class=\"fusion-link-wrapper\" href=\"https:\/\/www.iql-nog.com\/es\/2026\/04\/23\/celebrando-sant-jordi-con-rosas\/\" aria-label=\"Celebrando Sant Jordi con rosas\"><\/a>\n\t<\/div>\n<\/div>\n<\/div>\n<\/li>\n\t\t\t\n\t\t\t\n\t\t\t\t\t\t\t\t\t\t\t\t\t\t\t\t\t\t\t\t\t\t\t\t\t\t\t\t\t\t\t\t\t\t\t\t\t\t\t\t\t\t\t\t\t\t\t\t\t\t\t\t\t\t\t\t\t\t\t\t\t\t\t\t\t\t\t\t<\/ul>\n\t<\/div>\n\t<div class=\"fusion-post-content-wrapper\" style=\"padding:30px 25px 25px 25px;\"><div class=\"fusion-post-content post-content\"><h2 class=\"blog-shortcode-post-title entry-title\"><a href=\"https:\/\/www.iql-nog.com\/es\/2026\/04\/23\/celebrando-sant-jordi-con-rosas\/\">Celebrando Sant Jordi con rosas<\/a><\/h2><div class=\"fusion-post-content-container\"><p> En Catalu\u00f1a, Sant Jordi es una fecha especial en la que se celebra el amor y la cultura intercambiando rosas y libros. En IQL, cada a\u00f1o nos sumamos a [...]<\/p><\/div><\/div><\/div><div class=\"fusion-clearfix\"><\/div><\/div>\n<\/article>\n<article id=\"blog-1-post-4255\" class=\"fusion-post-grid post-4255 post type-post status-publish format-standard has-post-thumbnail hentry category-novedades-and-media-es\">\n<div class=\"fusion-post-wrapper\" style=\"background-color:rgba(255,255,255,0);border:1px solid #ebeaea;border-bottom-width:3px;\">\n\n\t\t\t<div class=\"fusion-flexslider flexslider fusion-flexslider-loading fusion-post-slideshow\" style=\"border-color:#ebeaea;\">\n\t\t<ul class=\"slides\">\n\t\t\t\n\t\t\t\t\t\t\t\t\t\t\t\t\t\t<li><div  class=\"fusion-image-wrapper\" aria-haspopup=\"true\">\n\t\t\t\t<img decoding=\"async\" width=\"1200\" height=\"952\" src=\"https:\/\/www.iql-nog.com\/wp-content\/uploads\/2025\/12\/Un-pica-pica-para-celebrar-la-Navidad.webp\" class=\"attachment-full size-full lazyload wp-post-image\" alt=\"\" srcset=\"data:image\/svg+xml,%3Csvg%20xmlns%3D%27http%3A%2F%2Fwww.w3.org%2F2000%2Fsvg%27%20width%3D%271200%27%20height%3D%27952%27%20viewBox%3D%270%200%201200%20952%27%3E%3Crect%20width%3D%271200%27%20height%3D%27952%27%20fill-opacity%3D%220%22%2F%3E%3C%2Fsvg%3E\" data-orig-src=\"https:\/\/www.iql-nog.com\/wp-content\/uploads\/2025\/12\/Un-pica-pica-para-celebrar-la-Navidad.webp\" data-srcset=\"https:\/\/www.iql-nog.com\/wp-content\/uploads\/2025\/12\/Un-pica-pica-para-celebrar-la-Navidad-200x159.webp 200w, https:\/\/www.iql-nog.com\/wp-content\/uploads\/2025\/12\/Un-pica-pica-para-celebrar-la-Navidad-400x317.webp 400w, https:\/\/www.iql-nog.com\/wp-content\/uploads\/2025\/12\/Un-pica-pica-para-celebrar-la-Navidad-600x476.webp 600w, https:\/\/www.iql-nog.com\/wp-content\/uploads\/2025\/12\/Un-pica-pica-para-celebrar-la-Navidad-800x635.webp 800w, https:\/\/www.iql-nog.com\/wp-content\/uploads\/2025\/12\/Un-pica-pica-para-celebrar-la-Navidad.webp 1200w\" data-sizes=\"auto\" \/><div class=\"fusion-rollover\">\n\t<div class=\"fusion-rollover-content\">\n\n\t\t\t\t\t\t\t\t\t\t\t\t\t\t<a class=\"fusion-rollover-link\" href=\"https:\/\/www.iql-nog.com\/es\/2025\/12\/18\/un-pica-pica-para-celebrar-la-navidad\/\">Un pica pica para celebrar la Navidad<\/a>\n\t\t\t\n\t\t\t\t\t\t\t\t\t\t\t\t\t\t\n\t\t\t\t\t\t\t\t\n\t\t\t\t\t\t\t\t\t\t\t\t\t<div class=\"fusion-rollover-sep\"><\/div>\n\t\t\t\t\n\t\t\t\t\t\t\t\t\t\t\t\t\t\t\t\t\t\t<a class=\"fusion-rollover-gallery\" href=\"https:\/\/www.iql-nog.com\/wp-content\/uploads\/2025\/12\/Un-pica-pica-para-celebrar-la-Navidad.webp\" data-options=\"\" data-id=\"4255\" data-rel=\"iLightbox[gallery]\" data-title=\"Un pica pica para celebrar la Navidad\" data-caption=\"\">\n\t\t\t\t\t\tGaler\u00eda\t\t\t\t\t<\/a>\n\t\t\t\t\t\t\t\t\t\t\t\t\t\t\n\t\t\n\t\t\t\t\t\t\t\t\t\t\t\t<h4 class=\"fusion-rollover-title\">\n\t\t\t\t\t<a class=\"fusion-rollover-title-link\" href=\"https:\/\/www.iql-nog.com\/es\/2025\/12\/18\/un-pica-pica-para-celebrar-la-navidad\/\">\n\t\t\t\t\t\tUn pica pica para celebrar la Navidad\t\t\t\t\t<\/a>\n\t\t\t\t<\/h4>\n\t\t\t\n\t\t\t\t\t\t\t\t\t\t<div class=\"fusion-rollover-categories\"><a href=\"https:\/\/www.iql-nog.com\/es\/category\/novedades-and-media-es\/\" rel=\"tag\">Novedades and Media<\/a><\/div>\t\t\t\t\t\n\t\t\n\t\t\t\t\t\t<a class=\"fusion-link-wrapper\" href=\"https:\/\/www.iql-nog.com\/es\/2025\/12\/18\/un-pica-pica-para-celebrar-la-navidad\/\" aria-label=\"Un pica pica para celebrar la Navidad\"><\/a>\n\t<\/div>\n<\/div>\n<\/div>\n<\/li>\n\t\t\t\n\t\t\t\n\t\t\t\t\t\t\t\t\t\t\t\t\t\t\t\t\t\t\t\t\t\t\t\t\t\t\t\t\t\t\t\t\t\t\t\t\t\t\t\t\t\t\t\t\t\t\t\t\t\t\t\t\t\t\t\t\t\t\t\t\t\t\t\t\t\t\t\t<\/ul>\n\t<\/div>\n\t<div class=\"fusion-post-content-wrapper\" style=\"padding:30px 25px 25px 25px;\"><div class=\"fusion-post-content post-content\"><h2 class=\"blog-shortcode-post-title entry-title\"><a href=\"https:\/\/www.iql-nog.com\/es\/2025\/12\/18\/un-pica-pica-para-celebrar-la-navidad\/\">Un pica pica para celebrar la Navidad<\/a><\/h2><div class=\"fusion-post-content-container\"><p> El pasado 12 de diciembre, celebramos un pica pica en la empresa. Muchos compa\u00f1eros se animaron a participar y disfrutamos de un ambiente distendido y agradable. Fue la ocasi\u00f3n [...]<\/p><\/div><\/div><\/div><div class=\"fusion-clearfix\"><\/div><\/div>\n<\/article>\n<article id=\"blog-1-post-4181\" class=\"fusion-post-grid post-4181 post type-post status-publish format-standard has-post-thumbnail hentry category-novedades-and-media-es\">\n<div class=\"fusion-post-wrapper\" style=\"background-color:rgba(255,255,255,0);border:1px solid #ebeaea;border-bottom-width:3px;\">\n\n\t\t\t<div class=\"fusion-flexslider flexslider fusion-flexslider-loading fusion-post-slideshow\" style=\"border-color:#ebeaea;\">\n\t\t<ul class=\"slides\">\n\t\t\t\n\t\t\t\t\t\t\t\t\t\t\t\t\t\t<li><div  class=\"fusion-image-wrapper\" aria-haspopup=\"true\">\n\t\t\t\t<img decoding=\"async\" width=\"1274\" height=\"900\" src=\"https:\/\/www.iql-nog.com\/wp-content\/uploads\/2025\/11\/image002.png\" class=\"attachment-full size-full lazyload wp-post-image\" alt=\"\" srcset=\"data:image\/svg+xml,%3Csvg%20xmlns%3D%27http%3A%2F%2Fwww.w3.org%2F2000%2Fsvg%27%20width%3D%271274%27%20height%3D%27900%27%20viewBox%3D%270%200%201274%20900%27%3E%3Crect%20width%3D%271274%27%20height%3D%27900%27%20fill-opacity%3D%220%22%2F%3E%3C%2Fsvg%3E\" data-orig-src=\"https:\/\/www.iql-nog.com\/wp-content\/uploads\/2025\/11\/image002.png\" data-srcset=\"https:\/\/www.iql-nog.com\/wp-content\/uploads\/2025\/11\/image002-200x141.png 200w, https:\/\/www.iql-nog.com\/wp-content\/uploads\/2025\/11\/image002-400x283.png 400w, https:\/\/www.iql-nog.com\/wp-content\/uploads\/2025\/11\/image002-600x424.png 600w, https:\/\/www.iql-nog.com\/wp-content\/uploads\/2025\/11\/image002-800x565.png 800w, https:\/\/www.iql-nog.com\/wp-content\/uploads\/2025\/11\/image002-1200x848.png 1200w, https:\/\/www.iql-nog.com\/wp-content\/uploads\/2025\/11\/image002.png 1274w\" data-sizes=\"auto\" \/><div class=\"fusion-rollover\">\n\t<div class=\"fusion-rollover-content\">\n\n\t\t\t\t\t\t\t\t\t\t\t\t\t\t<a class=\"fusion-rollover-link\" href=\"https:\/\/www.iql-nog.com\/es\/2025\/11\/06\/iql-christmas-drawing-contest-2025\/\">Concurso de Dibujos de Navidad 2025<\/a>\n\t\t\t\n\t\t\t\t\t\t\t\t\t\t\t\t\t\t\n\t\t\t\t\t\t\t\t\n\t\t\t\t\t\t\t\t\t\t\t\t\t<div class=\"fusion-rollover-sep\"><\/div>\n\t\t\t\t\n\t\t\t\t\t\t\t\t\t\t\t\t\t\t\t\t\t\t<a class=\"fusion-rollover-gallery\" href=\"https:\/\/www.iql-nog.com\/wp-content\/uploads\/2025\/11\/image002.png\" data-options=\"\" data-id=\"4181\" data-rel=\"iLightbox[gallery]\" data-title=\"image002\" data-caption=\"\">\n\t\t\t\t\t\tGaler\u00eda\t\t\t\t\t<\/a>\n\t\t\t\t\t\t\t\t\t\t\t\t\t\t\n\t\t\n\t\t\t\t\t\t\t\t\t\t\t\t<h4 class=\"fusion-rollover-title\">\n\t\t\t\t\t<a class=\"fusion-rollover-title-link\" href=\"https:\/\/www.iql-nog.com\/es\/2025\/11\/06\/iql-christmas-drawing-contest-2025\/\">\n\t\t\t\t\t\tConcurso de Dibujos de Navidad 2025\t\t\t\t\t<\/a>\n\t\t\t\t<\/h4>\n\t\t\t\n\t\t\t\t\t\t\t\t\t\t<div class=\"fusion-rollover-categories\"><a href=\"https:\/\/www.iql-nog.com\/es\/category\/novedades-and-media-es\/\" rel=\"tag\">Novedades and Media<\/a><\/div>\t\t\t\t\t\n\t\t\n\t\t\t\t\t\t<a class=\"fusion-link-wrapper\" href=\"https:\/\/www.iql-nog.com\/es\/2025\/11\/06\/iql-christmas-drawing-contest-2025\/\" aria-label=\"Concurso de Dibujos de Navidad 2025\"><\/a>\n\t<\/div>\n<\/div>\n<\/div>\n<\/li>\n\t\t\t\n\t\t\t\n\t\t\t\t\t\t\t\t\t\t\t\t\t\t\t\t\t\t\t\t\t\t\t\t\t\t\t\t\t\t\t\t\t\t\t\t\t\t\t\t\t\t\t\t\t\t\t\t\t\t\t\t\t\t\t\t\t\t\t\t\t\t\t\t\t\t\t\t<\/ul>\n\t<\/div>\n\t<div class=\"fusion-post-content-wrapper\" style=\"padding:30px 25px 25px 25px;\"><div class=\"fusion-post-content post-content\"><h2 class=\"blog-shortcode-post-title entry-title\"><a href=\"https:\/\/www.iql-nog.com\/es\/2025\/11\/06\/iql-christmas-drawing-contest-2025\/\">Concurso de Dibujos de Navidad 2025<\/a><\/h2><div class=\"fusion-post-content-container\"><p> Este a\u00f1o, IQL organiz\u00f3 un concurso de dibujos navide\u00f1os dirigido a los hijos de nuestros colaboradores, con edades entre 3 y 12 a\u00f1os. El tema elegido fue \u201cLa magia [...]<\/p><\/div><\/div><\/div><div class=\"fusion-clearfix\"><\/div><\/div>\n<\/article>\n<article id=\"blog-1-post-4128\" class=\"fusion-post-grid post-4128 post type-post status-publish format-standard has-post-thumbnail hentry category-novedades-and-media-es\">\n<div class=\"fusion-post-wrapper\" style=\"background-color:rgba(255,255,255,0);border:1px solid #ebeaea;border-bottom-width:3px;\">\n\n\t\t\t<div class=\"fusion-flexslider flexslider fusion-flexslider-loading fusion-post-slideshow\" style=\"border-color:#ebeaea;\">\n\t\t<ul class=\"slides\">\n\t\t\t\n\t\t\t\t\t\t\t\t\t\t\t\t\t\t<li><div  class=\"fusion-image-wrapper\" aria-haspopup=\"true\">\n\t\t\t\t<img decoding=\"async\" width=\"2048\" height=\"1536\" src=\"https:\/\/www.iql-nog.com\/wp-content\/uploads\/2025\/10\/Cascada.webp\" class=\"attachment-full size-full lazyload wp-post-image\" alt=\"\" srcset=\"data:image\/svg+xml,%3Csvg%20xmlns%3D%27http%3A%2F%2Fwww.w3.org%2F2000%2Fsvg%27%20width%3D%272048%27%20height%3D%271536%27%20viewBox%3D%270%200%202048%201536%27%3E%3Crect%20width%3D%272048%27%20height%3D%271536%27%20fill-opacity%3D%220%22%2F%3E%3C%2Fsvg%3E\" data-orig-src=\"https:\/\/www.iql-nog.com\/wp-content\/uploads\/2025\/10\/Cascada.webp\" data-srcset=\"https:\/\/www.iql-nog.com\/wp-content\/uploads\/2025\/10\/Cascada-200x150.webp 200w, https:\/\/www.iql-nog.com\/wp-content\/uploads\/2025\/10\/Cascada-400x300.webp 400w, https:\/\/www.iql-nog.com\/wp-content\/uploads\/2025\/10\/Cascada-600x450.webp 600w, https:\/\/www.iql-nog.com\/wp-content\/uploads\/2025\/10\/Cascada-800x600.webp 800w, https:\/\/www.iql-nog.com\/wp-content\/uploads\/2025\/10\/Cascada-1200x900.webp 1200w, https:\/\/www.iql-nog.com\/wp-content\/uploads\/2025\/10\/Cascada.webp 2048w\" data-sizes=\"auto\" \/><div class=\"fusion-rollover\">\n\t<div class=\"fusion-rollover-content\">\n\n\t\t\t\t\t\t\t\t\t\t\t\t\t\t<a class=\"fusion-rollover-link\" href=\"https:\/\/www.iql-nog.com\/es\/2025\/10\/20\/iql-concurso-de-fotos-2025\/\">IQL Concurso de fotos 2025<\/a>\n\t\t\t\n\t\t\t\t\t\t\t\t\t\t\t\t\t\t\n\t\t\t\t\t\t\t\t\n\t\t\t\t\t\t\t\t\t\t\t\t\t<div class=\"fusion-rollover-sep\"><\/div>\n\t\t\t\t\n\t\t\t\t\t\t\t\t\t\t\t\t\t\t\t\t\t\t<a class=\"fusion-rollover-gallery\" href=\"https:\/\/www.iql-nog.com\/wp-content\/uploads\/2025\/10\/Cascada.webp\" data-options=\"\" data-id=\"4128\" data-rel=\"iLightbox[gallery]\" data-title=\"1\u00ba puesto: Cascada de Zweribach, Simonswald, Alemania\" data-caption=\"\">\n\t\t\t\t\t\tGaler\u00eda\t\t\t\t\t<\/a>\n\t\t\t\t\t\t\t\t\t\t\t\t\t\t\n\t\t\n\t\t\t\t\t\t\t\t\t\t\t\t<h4 class=\"fusion-rollover-title\">\n\t\t\t\t\t<a class=\"fusion-rollover-title-link\" href=\"https:\/\/www.iql-nog.com\/es\/2025\/10\/20\/iql-concurso-de-fotos-2025\/\">\n\t\t\t\t\t\tIQL Concurso de fotos 2025\t\t\t\t\t<\/a>\n\t\t\t\t<\/h4>\n\t\t\t\n\t\t\t\t\t\t\t\t\t\t<div class=\"fusion-rollover-categories\"><a href=\"https:\/\/www.iql-nog.com\/es\/category\/novedades-and-media-es\/\" rel=\"tag\">Novedades and Media<\/a><\/div>\t\t\t\t\t\n\t\t\n\t\t\t\t\t\t<a class=\"fusion-link-wrapper\" href=\"https:\/\/www.iql-nog.com\/es\/2025\/10\/20\/iql-concurso-de-fotos-2025\/\" aria-label=\"IQL Concurso de fotos 2025\"><\/a>\n\t<\/div>\n<\/div>\n<\/div>\n<\/li>\n\t\t\t\n\t\t\t\n\t\t\t\t\t\t\t\t\t\t\t\t\t\t\t\t\t\t\t\t\t\t\t\t\t\t\t\t\t\t\t\t\t\t\t\t\t\t\t\t\t\t\t\t\t\t\t\t\t\t\t\t\t\t\t\t\t\t\t\t\t\t\t\t\t\t\t\t<\/ul>\n\t<\/div>\n\t<div class=\"fusion-post-content-wrapper\" style=\"padding:30px 25px 25px 25px;\"><div class=\"fusion-post-content post-content\"><h2 class=\"blog-shortcode-post-title entry-title\"><a href=\"https:\/\/www.iql-nog.com\/es\/2025\/10\/20\/iql-concurso-de-fotos-2025\/\">IQL Concurso de fotos 2025<\/a><\/h2><div class=\"fusion-post-content-container\"><p> Este a\u00f1o, IQL organiz\u00f3 un concurso de fotograf\u00eda dirigido a los empleados y a sus hijos de entre 13 y 18 a\u00f1os. Los temas fueron \u201cUn d\u00eda perfecto de [...]<\/p><\/div><\/div><\/div><div class=\"fusion-clearfix\"><\/div><\/div>\n<\/article>\n<article id=\"blog-1-post-3778\" class=\"fusion-post-grid post-3778 post type-post status-publish format-standard has-post-thumbnail hentry category-novedades-and-media-es\">\n<div class=\"fusion-post-wrapper\" style=\"background-color:rgba(255,255,255,0);border:1px solid #ebeaea;border-bottom-width:3px;\">\n\n\t\t\t<div class=\"fusion-flexslider flexslider fusion-flexslider-loading fusion-post-slideshow\" style=\"border-color:#ebeaea;\">\n\t\t<ul class=\"slides\">\n\t\t\t\n\t\t\t\t\t\t\t\t\t\t\t\t\t\t<li><div  class=\"fusion-image-wrapper\" aria-haspopup=\"true\">\n\t\t\t\t<img decoding=\"async\" width=\"1350\" height=\"1800\" src=\"https:\/\/www.iql-nog.com\/wp-content\/uploads\/2025\/04\/sant-jordi-iql.jpg\" class=\"attachment-full size-full lazyload wp-post-image\" alt=\"\" srcset=\"data:image\/svg+xml,%3Csvg%20xmlns%3D%27http%3A%2F%2Fwww.w3.org%2F2000%2Fsvg%27%20width%3D%271350%27%20height%3D%271800%27%20viewBox%3D%270%200%201350%201800%27%3E%3Crect%20width%3D%271350%27%20height%3D%271800%27%20fill-opacity%3D%220%22%2F%3E%3C%2Fsvg%3E\" data-orig-src=\"https:\/\/www.iql-nog.com\/wp-content\/uploads\/2025\/04\/sant-jordi-iql.jpg\" data-srcset=\"https:\/\/www.iql-nog.com\/wp-content\/uploads\/2025\/04\/sant-jordi-iql-200x267.jpg 200w, https:\/\/www.iql-nog.com\/wp-content\/uploads\/2025\/04\/sant-jordi-iql-400x533.jpg 400w, https:\/\/www.iql-nog.com\/wp-content\/uploads\/2025\/04\/sant-jordi-iql-600x800.jpg 600w, https:\/\/www.iql-nog.com\/wp-content\/uploads\/2025\/04\/sant-jordi-iql-800x1067.jpg 800w, https:\/\/www.iql-nog.com\/wp-content\/uploads\/2025\/04\/sant-jordi-iql-1200x1600.jpg 1200w, https:\/\/www.iql-nog.com\/wp-content\/uploads\/2025\/04\/sant-jordi-iql.jpg 1350w\" data-sizes=\"auto\" \/><div class=\"fusion-rollover\">\n\t<div class=\"fusion-rollover-content\">\n\n\t\t\t\t\t\t\t\t\t\t\t\t\t\t<a class=\"fusion-rollover-link\" href=\"https:\/\/www.iql-nog.com\/es\/2025\/04\/27\/rosas-con-impacto-social-para-la-diada-de-sant-jordi\/\">Rosas con impacto social para la Diada de Sant Jordi<\/a>\n\t\t\t\n\t\t\t\t\t\t\t\t\t\t\t\t\t\t\n\t\t\t\t\t\t\t\t\n\t\t\t\t\t\t\t\t\t\t\t\t\t<div class=\"fusion-rollover-sep\"><\/div>\n\t\t\t\t\n\t\t\t\t\t\t\t\t\t\t\t\t\t\t\t\t\t\t<a class=\"fusion-rollover-gallery\" href=\"https:\/\/www.iql-nog.com\/wp-content\/uploads\/2025\/04\/sant-jordi-iql.jpg\" data-options=\"\" data-id=\"3778\" data-rel=\"iLightbox[gallery]\" data-title=\"sant-jordi-iql\" data-caption=\"\">\n\t\t\t\t\t\tGaler\u00eda\t\t\t\t\t<\/a>\n\t\t\t\t\t\t\t\t\t\t\t\t\t\t\n\t\t\n\t\t\t\t\t\t\t\t\t\t\t\t<h4 class=\"fusion-rollover-title\">\n\t\t\t\t\t<a class=\"fusion-rollover-title-link\" href=\"https:\/\/www.iql-nog.com\/es\/2025\/04\/27\/rosas-con-impacto-social-para-la-diada-de-sant-jordi\/\">\n\t\t\t\t\t\tRosas con impacto social para la Diada de Sant Jordi\t\t\t\t\t<\/a>\n\t\t\t\t<\/h4>\n\t\t\t\n\t\t\t\t\t\t\t\t\t\t<div class=\"fusion-rollover-categories\"><a href=\"https:\/\/www.iql-nog.com\/es\/category\/novedades-and-media-es\/\" rel=\"tag\">Novedades and Media<\/a><\/div>\t\t\t\t\t\n\t\t\n\t\t\t\t\t\t<a class=\"fusion-link-wrapper\" href=\"https:\/\/www.iql-nog.com\/es\/2025\/04\/27\/rosas-con-impacto-social-para-la-diada-de-sant-jordi\/\" aria-label=\"Rosas con impacto social para la Diada de Sant Jordi\"><\/a>\n\t<\/div>\n<\/div>\n<\/div>\n<\/li>\n\t\t\t\n\t\t\t\n\t\t\t\t\t\t\t\t\t\t\t\t\t\t\t\t\t\t\t\t\t\t\t\t\t\t\t\t\t\t\t\t\t\t\t\t\t\t\t\t\t\t\t\t\t\t\t\t\t\t\t\t\t\t\t\t\t\t\t\t\t\t\t\t\t\t\t\t<\/ul>\n\t<\/div>\n\t<div class=\"fusion-post-content-wrapper\" style=\"padding:30px 25px 25px 25px;\"><div class=\"fusion-post-content post-content\"><h2 class=\"blog-shortcode-post-title entry-title\"><a href=\"https:\/\/www.iql-nog.com\/es\/2025\/04\/27\/rosas-con-impacto-social-para-la-diada-de-sant-jordi\/\">Rosas con impacto social para la Diada de Sant Jordi<\/a><\/h2><div class=\"fusion-post-content-container\"><p> En IQL hemos celebrado la Diada de Sant Jordi regalando rosas a nuestro equipo, sum\u00e1ndonos a una tradici\u00f3n profundamente arraigada en nuestra cultura. Este a\u00f1o, como ya es costumbre, [...]<\/p><\/div><\/div><\/div><div class=\"fusion-clearfix\"><\/div><\/div>\n<\/article>\n<article id=\"blog-1-post-3781\" class=\"fusion-post-grid post-3781 post type-post status-publish format-standard has-post-thumbnail hentry category-prensa-publicaciones\">\n<div class=\"fusion-post-wrapper\" style=\"background-color:rgba(255,255,255,0);border:1px solid #ebeaea;border-bottom-width:3px;\">\n\n\t\t\t<div class=\"fusion-flexslider flexslider fusion-flexslider-loading fusion-post-slideshow\" style=\"border-color:#ebeaea;\">\n\t\t<ul class=\"slides\">\n\t\t\t\n\t\t\t\t\t\t\t\t\t\t\t\t\t\t<li><div  class=\"fusion-image-wrapper\" aria-haspopup=\"true\">\n\t\t\t\t<img decoding=\"async\" width=\"673\" height=\"501\" src=\"https:\/\/www.iql-nog.com\/wp-content\/uploads\/2024\/11\/image002-1.jpg\" class=\"attachment-full size-full lazyload wp-post-image\" alt=\"\" srcset=\"data:image\/svg+xml,%3Csvg%20xmlns%3D%27http%3A%2F%2Fwww.w3.org%2F2000%2Fsvg%27%20width%3D%27673%27%20height%3D%27501%27%20viewBox%3D%270%200%20673%20501%27%3E%3Crect%20width%3D%27673%27%20height%3D%27501%27%20fill-opacity%3D%220%22%2F%3E%3C%2Fsvg%3E\" data-orig-src=\"https:\/\/www.iql-nog.com\/wp-content\/uploads\/2024\/11\/image002-1.jpg\" data-srcset=\"https:\/\/www.iql-nog.com\/wp-content\/uploads\/2024\/11\/image002-1-200x149.jpg 200w, https:\/\/www.iql-nog.com\/wp-content\/uploads\/2024\/11\/image002-1-400x298.jpg 400w, https:\/\/www.iql-nog.com\/wp-content\/uploads\/2024\/11\/image002-1-600x447.jpg 600w, https:\/\/www.iql-nog.com\/wp-content\/uploads\/2024\/11\/image002-1.jpg 673w\" data-sizes=\"auto\" \/><div class=\"fusion-rollover\">\n\t<div class=\"fusion-rollover-content\">\n\n\t\t\t\t\t\t\t\t\t\t\t\t\t\t<a class=\"fusion-rollover-link\" href=\"https:\/\/www.iql-nog.com\/es\/2024\/11\/12\/industrial-quimica-lasem-s-a-u-obtiene-la-certificacion-iso-14064-y-avanza-hacia-un-futuro-carbono-neutral\/\">INDUSTRIAL QU\u00cdMICA LASEM, S.A.U. obtiene la certificaci\u00f3n ISO 14064 y avanza hacia un futuro carbono neutral<\/a>\n\t\t\t\n\t\t\t\t\t\t\t\t\t\t\t\t\t\t\n\t\t\t\t\t\t\t\t\n\t\t\t\t\t\t\t\t\t\t\t\t\t<div class=\"fusion-rollover-sep\"><\/div>\n\t\t\t\t\n\t\t\t\t\t\t\t\t\t\t\t\t\t\t\t\t\t\t<a class=\"fusion-rollover-gallery\" href=\"https:\/\/www.iql-nog.com\/wp-content\/uploads\/2024\/11\/image002-1.jpg\" data-options=\"\" data-id=\"3781\" data-rel=\"iLightbox[gallery]\" data-title=\"image002\" data-caption=\"\">\n\t\t\t\t\t\tGaler\u00eda\t\t\t\t\t<\/a>\n\t\t\t\t\t\t\t\t\t\t\t\t\t\t\n\t\t\n\t\t\t\t\t\t\t\t\t\t\t\t<h4 class=\"fusion-rollover-title\">\n\t\t\t\t\t<a class=\"fusion-rollover-title-link\" href=\"https:\/\/www.iql-nog.com\/es\/2024\/11\/12\/industrial-quimica-lasem-s-a-u-obtiene-la-certificacion-iso-14064-y-avanza-hacia-un-futuro-carbono-neutral\/\">\n\t\t\t\t\t\tINDUSTRIAL QU\u00cdMICA LASEM, S.A.U. obtiene la certificaci\u00f3n ISO 14064 y avanza hacia un futuro carbono neutral\t\t\t\t\t<\/a>\n\t\t\t\t<\/h4>\n\t\t\t\n\t\t\t\t\t\t\t\t\t\t<div class=\"fusion-rollover-categories\"><a href=\"https:\/\/www.iql-nog.com\/es\/category\/novedades-and-media-es\/prensa-publicaciones\/\" rel=\"tag\">Prensa &amp; Publicaciones<\/a><\/div>\t\t\t\t\t\n\t\t\n\t\t\t\t\t\t<a class=\"fusion-link-wrapper\" href=\"https:\/\/www.iql-nog.com\/es\/2024\/11\/12\/industrial-quimica-lasem-s-a-u-obtiene-la-certificacion-iso-14064-y-avanza-hacia-un-futuro-carbono-neutral\/\" aria-label=\"INDUSTRIAL QU\u00cdMICA LASEM, S.A.U. obtiene la certificaci\u00f3n ISO 14064 y avanza hacia un futuro carbono neutral\"><\/a>\n\t<\/div>\n<\/div>\n<\/div>\n<\/li>\n\t\t\t\n\t\t\t\n\t\t\t\t\t\t\t\t\t\t\t\t\t\t\t\t\t\t\t\t\t\t\t\t\t\t\t\t\t\t\t\t\t\t\t\t\t\t\t\t\t\t\t\t\t\t\t\t\t\t\t\t\t\t\t\t\t\t\t\t\t\t\t\t\t\t\t\t<\/ul>\n\t<\/div>\n\t<div class=\"fusion-post-content-wrapper\" style=\"padding:30px 25px 25px 25px;\"><div class=\"fusion-post-content post-content\"><h2 class=\"blog-shortcode-post-title entry-title\"><a href=\"https:\/\/www.iql-nog.com\/es\/2024\/11\/12\/industrial-quimica-lasem-s-a-u-obtiene-la-certificacion-iso-14064-y-avanza-hacia-un-futuro-carbono-neutral\/\">INDUSTRIAL QU\u00cdMICA LASEM, S.A.U. obtiene la certificaci\u00f3n ISO 14064 y avanza hacia un futuro carbono neutral<\/a><\/h2><div class=\"fusion-post-content-container\"><p>Industrial Qu\u00edmica Lasem, S.A.U. se enorgullece en anunciar su certificaci\u00f3n bajo la norma ISO 14064, relativa a la contabilizaci\u00f3n y verificaci\u00f3n de gases de efecto invernadero (GEI). Este logro refuerza [...]<\/p><\/div><\/div><\/div><div class=\"fusion-clearfix\"><\/div><\/div>\n<\/article>\n<div class=\"fusion-clearfix\"><\/div><\/div><div class=\"pagination clearfix\"><span class=\"current\">1<\/span><a href=\"https:\/\/www.iql-nog.com\/es\/wp-json\/wp\/v2\/pages\/3790\/page\/2\/\" class=\"inactive\">2<\/a><a class=\"pagination-next\" rel=\"next\" href=\"https:\/\/www.iql-nog.com\/es\/wp-json\/wp\/v2\/pages\/3790\/page\/2\/\"><span class=\"page-text\">Siguiente<\/span><span class=\"page-next\"><\/span><\/a><\/div><div class=\"fusion-clearfix\"><\/div><\/div><\/div><\/div><\/div><\/div>\n","protected":false},"excerpt":{"rendered":"","protected":false},"author":1,"featured_media":0,"parent":0,"menu_order":0,"comment_status":"closed","ping_status":"closed","template":"","meta":{"inline_featured_image":false,"footnotes":""},"class_list":["post-3790","page","type-page","status-publish","hentry"],"yoast_head":"<!-- This site is optimized with the Yoast SEO plugin v27.5 - https:\/\/yoast.com\/product\/yoast-seo-wordpress\/ -->\n<title>Noticias - IQL<\/title>\n<meta name=\"robots\" content=\"index, follow, max-snippet:-1, max-image-preview:large, max-video-preview:-1\" \/>\n<link rel=\"canonical\" href=\"https:\/\/www.iql-nog.com\/es\/noticias\/\" \/>\n<meta property=\"og:locale\" content=\"es_ES\" \/>\n<meta property=\"og:type\" content=\"article\" \/>\n<meta property=\"og:title\" content=\"Noticias - IQL\" \/>\n<meta property=\"og:url\" content=\"https:\/\/www.iql-nog.com\/es\/noticias\/\" \/>\n<meta property=\"og:site_name\" content=\"IQL\" \/>\n<meta property=\"article:modified_time\" content=\"2025-08-04T23:33:53+00:00\" \/>\n<meta name=\"twitter:card\" content=\"summary_large_image\" \/>\n<meta name=\"twitter:label1\" content=\"Tiempo de lectura\" \/>\n\t<meta name=\"twitter:data1\" content=\"2 minutos\" \/>\n<script type=\"application\/ld+json\" class=\"yoast-schema-graph\">{\"@context\":\"https:\\\/\\\/schema.org\",\"@graph\":[{\"@type\":\"WebPage\",\"@id\":\"https:\\\/\\\/www.iql-nog.com\\\/es\\\/noticias\\\/\",\"url\":\"https:\\\/\\\/www.iql-nog.com\\\/es\\\/noticias\\\/\",\"name\":\"Noticias - IQL\",\"isPartOf\":{\"@id\":\"https:\\\/\\\/www.iql-nog.com\\\/es\\\/#website\"},\"datePublished\":\"2021-01-14T09:35:50+00:00\",\"dateModified\":\"2025-08-04T23:33:53+00:00\",\"breadcrumb\":{\"@id\":\"https:\\\/\\\/www.iql-nog.com\\\/es\\\/noticias\\\/#breadcrumb\"},\"inLanguage\":\"es\",\"potentialAction\":[{\"@type\":\"ReadAction\",\"target\":[\"https:\\\/\\\/www.iql-nog.com\\\/es\\\/noticias\\\/\"]}]},{\"@type\":\"BreadcrumbList\",\"@id\":\"https:\\\/\\\/www.iql-nog.com\\\/es\\\/noticias\\\/#breadcrumb\",\"itemListElement\":[{\"@type\":\"ListItem\",\"position\":1,\"name\":\"Portada\",\"item\":\"https:\\\/\\\/www.iql-nog.com\\\/es\\\/\"},{\"@type\":\"ListItem\",\"position\":2,\"name\":\"Noticias\"}]},{\"@type\":\"WebSite\",\"@id\":\"https:\\\/\\\/www.iql-nog.com\\\/es\\\/#website\",\"url\":\"https:\\\/\\\/www.iql-nog.com\\\/es\\\/\",\"name\":\"IQL-NOG\",\"description\":\"Responsible Chemistry\",\"publisher\":{\"@id\":\"https:\\\/\\\/www.iql-nog.com\\\/es\\\/#organization\"},\"potentialAction\":[{\"@type\":\"SearchAction\",\"target\":{\"@type\":\"EntryPoint\",\"urlTemplate\":\"https:\\\/\\\/www.iql-nog.com\\\/es\\\/?s={search_term_string}\"},\"query-input\":{\"@type\":\"PropertyValueSpecification\",\"valueRequired\":true,\"valueName\":\"search_term_string\"}}],\"inLanguage\":\"es\"},{\"@type\":\"Organization\",\"@id\":\"https:\\\/\\\/www.iql-nog.com\\\/es\\\/#organization\",\"name\":\"Industrial Qu\u00edmica Lasem S.A.U.\",\"url\":\"https:\\\/\\\/www.iql-nog.com\\\/es\\\/\",\"logo\":{\"@type\":\"ImageObject\",\"inLanguage\":\"es\",\"@id\":\"https:\\\/\\\/www.iql-nog.com\\\/es\\\/#\\\/schema\\\/logo\\\/image\\\/\",\"url\":\"https:\\\/\\\/www.iql-nog.com\\\/wp-content\\\/uploads\\\/2021\\\/01\\\/logo-footer.svg\",\"contentUrl\":\"https:\\\/\\\/www.iql-nog.com\\\/wp-content\\\/uploads\\\/2021\\\/01\\\/logo-footer.svg\",\"width\":\"1024\",\"height\":\"1024\",\"caption\":\"Industrial Qu\u00edmica Lasem S.A.U.\"},\"image\":{\"@id\":\"https:\\\/\\\/www.iql-nog.com\\\/es\\\/#\\\/schema\\\/logo\\\/image\\\/\"}}]}<\/script>\n<!-- \/ Yoast SEO plugin. -->","yoast_head_json":{"title":"Noticias - IQL","robots":{"index":"index","follow":"follow","max-snippet":"max-snippet:-1","max-image-preview":"max-image-preview:large","max-video-preview":"max-video-preview:-1"},"canonical":"https:\/\/www.iql-nog.com\/es\/noticias\/","og_locale":"es_ES","og_type":"article","og_title":"Noticias - IQL","og_url":"https:\/\/www.iql-nog.com\/es\/noticias\/","og_site_name":"IQL","article_modified_time":"2025-08-04T23:33:53+00:00","twitter_card":"summary_large_image","twitter_misc":{"Tiempo de lectura":"2 minutos"},"schema":{"@context":"https:\/\/schema.org","@graph":[{"@type":"WebPage","@id":"https:\/\/www.iql-nog.com\/es\/noticias\/","url":"https:\/\/www.iql-nog.com\/es\/noticias\/","name":"Noticias - IQL","isPartOf":{"@id":"https:\/\/www.iql-nog.com\/es\/#website"},"datePublished":"2021-01-14T09:35:50+00:00","dateModified":"2025-08-04T23:33:53+00:00","breadcrumb":{"@id":"https:\/\/www.iql-nog.com\/es\/noticias\/#breadcrumb"},"inLanguage":"es","potentialAction":[{"@type":"ReadAction","target":["https:\/\/www.iql-nog.com\/es\/noticias\/"]}]},{"@type":"BreadcrumbList","@id":"https:\/\/www.iql-nog.com\/es\/noticias\/#breadcrumb","itemListElement":[{"@type":"ListItem","position":1,"name":"Portada","item":"https:\/\/www.iql-nog.com\/es\/"},{"@type":"ListItem","position":2,"name":"Noticias"}]},{"@type":"WebSite","@id":"https:\/\/www.iql-nog.com\/es\/#website","url":"https:\/\/www.iql-nog.com\/es\/","name":"IQL-NOG","description":"Responsible Chemistry","publisher":{"@id":"https:\/\/www.iql-nog.com\/es\/#organization"},"potentialAction":[{"@type":"SearchAction","target":{"@type":"EntryPoint","urlTemplate":"https:\/\/www.iql-nog.com\/es\/?s={search_term_string}"},"query-input":{"@type":"PropertyValueSpecification","valueRequired":true,"valueName":"search_term_string"}}],"inLanguage":"es"},{"@type":"Organization","@id":"https:\/\/www.iql-nog.com\/es\/#organization","name":"Industrial Qu\u00edmica Lasem S.A.U.","url":"https:\/\/www.iql-nog.com\/es\/","logo":{"@type":"ImageObject","inLanguage":"es","@id":"https:\/\/www.iql-nog.com\/es\/#\/schema\/logo\/image\/","url":"https:\/\/www.iql-nog.com\/wp-content\/uploads\/2021\/01\/logo-footer.svg","contentUrl":"https:\/\/www.iql-nog.com\/wp-content\/uploads\/2021\/01\/logo-footer.svg","width":"1024","height":"1024","caption":"Industrial Qu\u00edmica Lasem S.A.U."},"image":{"@id":"https:\/\/www.iql-nog.com\/es\/#\/schema\/logo\/image\/"}}]}},"_links":{"self":[{"href":"https:\/\/www.iql-nog.com\/es\/wp-json\/wp\/v2\/pages\/3790","targetHints":{"allow":["GET"]}}],"collection":[{"href":"https:\/\/www.iql-nog.com\/es\/wp-json\/wp\/v2\/pages"}],"about":[{"href":"https:\/\/www.iql-nog.com\/es\/wp-json\/wp\/v2\/types\/page"}],"author":[{"embeddable":true,"href":"https:\/\/www.iql-nog.com\/es\/wp-json\/wp\/v2\/users\/1"}],"replies":[{"embeddable":true,"href":"https:\/\/www.iql-nog.com\/es\/wp-json\/wp\/v2\/comments?post=3790"}],"version-history":[{"count":1,"href":"https:\/\/www.iql-nog.com\/es\/wp-json\/wp\/v2\/pages\/3790\/revisions"}],"predecessor-version":[{"id":3791,"href":"https:\/\/www.iql-nog.com\/es\/wp-json\/wp\/v2\/pages\/3790\/revisions\/3791"}],"wp:attachment":[{"href":"https:\/\/www.iql-nog.com\/es\/wp-json\/wp\/v2\/media?parent=3790"}],"curies":[{"name":"wp","href":"https:\/\/api.w.org\/{rel}","templated":true}]}}