{"id":3712,"date":"2021-01-14T22:25:36","date_gmt":"2021-01-14T22:25:36","guid":{"rendered":"https:\/\/www.iql-nog.com\/products-and-markets\/food-feed\/brain-health\/"},"modified":"2025-08-04T13:35:07","modified_gmt":"2025-08-04T13:35:07","slug":"salud-cerebral","status":"publish","type":"page","link":"https:\/\/www.iql-nog.com\/es\/productos-y-mercados\/alimentacion-humana-y-animal\/salud-cerebral\/","title":{"rendered":"Salud cerebral"},"content":{"rendered":"<div class=\"fusion-fullwidth fullwidth-box fusion-builder-row-1 fusion-flex-container nonhundred-percent-fullwidth non-hundred-percent-height-scrolling\" style=\"--awb-border-radius-top-left:0px;--awb-border-radius-top-right:0px;--awb-border-radius-bottom-right:0px;--awb-border-radius-bottom-left:0px;--awb-flex-wrap:wrap;\" ><div class=\"fusion-builder-row fusion-row fusion-flex-align-items-flex-start fusion-flex-content-wrap\" style=\"max-width:1248px;margin-left: calc(-4% \/ 2 );margin-right: calc(-4% \/ 2 );\"><div class=\"fusion-layout-column fusion_builder_column fusion-builder-column-0 fusion_builder_column_1_1 1_1 fusion-flex-column\" style=\"--awb-bg-size:cover;--awb-width-large:100%;--awb-margin-top-large:0px;--awb-spacing-right-large:1.92%;--awb-margin-bottom-large:20px;--awb-spacing-left-large:1.92%;--awb-width-medium:100%;--awb-order-medium:0;--awb-spacing-right-medium:1.92%;--awb-spacing-left-medium:1.92%;--awb-width-small:100%;--awb-order-small:0;--awb-spacing-right-small:1.92%;--awb-spacing-left-small:1.92%;\"><div class=\"fusion-column-wrapper fusion-column-has-shadow fusion-flex-justify-content-flex-start fusion-content-layout-column\"><div class=\"fusion-title title fusion-title-1 sep-underline sep-solid fusion-title-text fusion-title-size-one\" style=\"--awb-margin-top:20px;--awb-margin-bottom:30px;--awb-margin-top-small:10px;--awb-margin-right-small:0px;--awb-margin-bottom-small:10px;--awb-margin-left-small:0px;--awb-sep-color:#35a085;\"><h1 class=\"fusion-title-heading title-heading-left\" style=\"font-family:&quot;Noto Sans JP&quot;;font-style:normal;font-weight:100;margin:0;\">Salud cerebral<\/h1><\/div><div class=\"fusion-text fusion-text-1\"><p>La demencia es un s\u00edndrome que se manifiesta con s\u00edntomas como deterioro de la memoria, el pensamiento, el comportamiento y la capacidad para realizar actividades cotidianas. Aunque es m\u00e1s frecuente en personas mayores, la demencia no forma parte natural del envejecimiento.<\/p>\n<p>La demencia es una enfermedad global: 35,6 millones de personas en todo el mundo presentan s\u00edntomas, y cada a\u00f1o se registran 7,7 millones de nuevos casos. Este s\u00edndrome tiene un impacto f\u00edsico, psicol\u00f3gico, social y econ\u00f3mico en los cuidadores, las familias y la sociedad en general.<\/p>\n<p>El Alzheimer es la forma m\u00e1s com\u00fan de demencia, representando entre el 60 y el 70 % de los casos.<\/p>\n<\/div><\/div><\/div><div class=\"fusion-layout-column fusion_builder_column fusion-builder-column-1 fusion_builder_column_1_4 1_4 fusion-flex-column fusion-no-small-visibility\" style=\"--awb-bg-size:cover;--awb-width-large:25%;--awb-margin-top-large:0px;--awb-spacing-right-large:7.68%;--awb-margin-bottom-large:20px;--awb-spacing-left-large:7.68%;--awb-width-medium:25%;--awb-order-medium:0;--awb-spacing-right-medium:7.68%;--awb-spacing-left-medium:7.68%;--awb-width-small:100%;--awb-order-small:0;--awb-spacing-right-small:1.92%;--awb-spacing-left-small:1.92%;\"><div class=\"fusion-column-wrapper fusion-column-has-shadow fusion-flex-justify-content-flex-start fusion-content-layout-column\"><\/div><\/div><div class=\"fusion-layout-column fusion_builder_column fusion-builder-column-2 fusion_builder_column_1_2 1_2 fusion-flex-column\" style=\"--awb-bg-size:cover;--awb-width-large:50%;--awb-margin-top-large:0px;--awb-spacing-right-large:3.84%;--awb-margin-bottom-large:20px;--awb-spacing-left-large:3.84%;--awb-width-medium:50%;--awb-order-medium:0;--awb-spacing-right-medium:3.84%;--awb-spacing-left-medium:3.84%;--awb-width-small:100%;--awb-order-small:0;--awb-spacing-right-small:1.92%;--awb-spacing-left-small:1.92%;\"><div class=\"fusion-column-wrapper fusion-column-has-shadow fusion-flex-justify-content-flex-start fusion-content-layout-column\"><div class=\"fusion-image-element \" style=\"text-align:center;--awb-caption-title-font-family:var(--h2_typography-font-family);--awb-caption-title-font-weight:var(--h2_typography-font-weight);--awb-caption-title-font-style:var(--h2_typography-font-style);--awb-caption-title-size:var(--h2_typography-font-size);--awb-caption-title-transform:var(--h2_typography-text-transform);--awb-caption-title-line-height:var(--h2_typography-line-height);--awb-caption-title-letter-spacing:var(--h2_typography-letter-spacing);\"><span class=\" fusion-imageframe imageframe-none imageframe-1 hover-type-none\"><img decoding=\"async\" width=\"1343\" height=\"744\" title=\"healthy brain\" src=\"https:\/\/www.iql-nog.com\/wp-content\/uploads\/2021\/01\/healthy-brain.jpg\" data-orig-src=\"https:\/\/www.iql-nog.com\/wp-content\/uploads\/2021\/01\/healthy-brain.jpg\" alt class=\"lazyload img-responsive wp-image-3230\" srcset=\"data:image\/svg+xml,%3Csvg%20xmlns%3D%27http%3A%2F%2Fwww.w3.org%2F2000%2Fsvg%27%20width%3D%271343%27%20height%3D%27744%27%20viewBox%3D%270%200%201343%20744%27%3E%3Crect%20width%3D%271343%27%20height%3D%27744%27%20fill-opacity%3D%220%22%2F%3E%3C%2Fsvg%3E\" data-srcset=\"https:\/\/www.iql-nog.com\/wp-content\/uploads\/2021\/01\/healthy-brain-200x111.jpg 200w, https:\/\/www.iql-nog.com\/wp-content\/uploads\/2021\/01\/healthy-brain-400x222.jpg 400w, https:\/\/www.iql-nog.com\/wp-content\/uploads\/2021\/01\/healthy-brain-600x332.jpg 600w, https:\/\/www.iql-nog.com\/wp-content\/uploads\/2021\/01\/healthy-brain-800x443.jpg 800w, https:\/\/www.iql-nog.com\/wp-content\/uploads\/2021\/01\/healthy-brain-1200x665.jpg 1200w, https:\/\/www.iql-nog.com\/wp-content\/uploads\/2021\/01\/healthy-brain.jpg 1343w\" data-sizes=\"auto\" data-orig-sizes=\"(max-width: 640px) 100vw, 600px\" \/><\/span><\/div><\/div><\/div><div class=\"fusion-layout-column fusion_builder_column fusion-builder-column-3 fusion_builder_column_1_4 1_4 fusion-flex-column fusion-no-small-visibility\" style=\"--awb-bg-size:cover;--awb-width-large:25%;--awb-margin-top-large:0px;--awb-spacing-right-large:7.68%;--awb-margin-bottom-large:20px;--awb-spacing-left-large:7.68%;--awb-width-medium:25%;--awb-order-medium:0;--awb-spacing-right-medium:7.68%;--awb-spacing-left-medium:7.68%;--awb-width-small:100%;--awb-order-small:0;--awb-spacing-right-small:1.92%;--awb-spacing-left-small:1.92%;\"><div class=\"fusion-column-wrapper fusion-column-has-shadow fusion-flex-justify-content-flex-start fusion-content-layout-column\"><\/div><\/div><div class=\"fusion-layout-column fusion_builder_column fusion-builder-column-4 fusion_builder_column_1_4 1_4 fusion-flex-column fusion-no-small-visibility\" style=\"--awb-bg-size:cover;--awb-width-large:25%;--awb-margin-top-large:0px;--awb-spacing-right-large:7.68%;--awb-margin-bottom-large:20px;--awb-spacing-left-large:7.68%;--awb-width-medium:25%;--awb-order-medium:0;--awb-spacing-right-medium:7.68%;--awb-spacing-left-medium:7.68%;--awb-width-small:100%;--awb-order-small:0;--awb-spacing-right-small:1.92%;--awb-spacing-left-small:1.92%;\"><div class=\"fusion-column-wrapper fusion-column-has-shadow fusion-flex-justify-content-flex-start fusion-content-layout-column\"><\/div><\/div><div class=\"fusion-layout-column fusion_builder_column fusion-builder-column-5 fusion_builder_column_1_4 1_4 fusion-flex-column\" style=\"--awb-bg-size:cover;--awb-width-large:25%;--awb-margin-top-large:0px;--awb-spacing-right-large:7.68%;--awb-margin-bottom-large:20px;--awb-spacing-left-large:7.68%;--awb-width-medium:25%;--awb-order-medium:0;--awb-spacing-right-medium:7.68%;--awb-spacing-left-medium:7.68%;--awb-width-small:100%;--awb-order-small:0;--awb-spacing-right-small:1.92%;--awb-spacing-left-small:1.92%;\"><div class=\"fusion-column-wrapper fusion-column-has-shadow fusion-flex-justify-content-flex-start fusion-content-layout-column\"><div class=\"fusion-text fusion-text-2\"><p><strong>Demencia vascular:<\/strong><br \/>Da\u00f1o cerebral causado por un flujo sangu\u00edneo deficiente hacia el cerebro.<\/p>\n<\/div><\/div><\/div><div class=\"fusion-layout-column fusion_builder_column fusion-builder-column-6 fusion_builder_column_1_4 1_4 fusion-flex-column fusion-flex-align-self-center\" style=\"--awb-bg-size:cover;--awb-width-large:25%;--awb-margin-top-large:0px;--awb-spacing-right-large:7.68%;--awb-margin-bottom-large:20px;--awb-spacing-left-large:7.68%;--awb-width-medium:25%;--awb-order-medium:0;--awb-spacing-right-medium:7.68%;--awb-spacing-left-medium:7.68%;--awb-width-small:100%;--awb-order-small:0;--awb-spacing-right-small:1.92%;--awb-margin-bottom-small:0px;--awb-spacing-left-small:1.92%;\"><div class=\"fusion-column-wrapper fusion-column-has-shadow fusion-flex-justify-content-flex-start fusion-content-layout-column\"><div class=\"fusion-text fusion-text-3\"><p><strong>Enfermedad de Alzheimer:<\/strong><br \/>Las c\u00e9lulas cerebrales se degeneran y mueren, lo que provoca atrofia cerebral y un deterioro progresivo de la memoria y las funciones mentales.<\/p>\n<\/div><\/div><\/div><div class=\"fusion-layout-column fusion_builder_column fusion-builder-column-7 fusion_builder_column_1_4 1_4 fusion-flex-column fusion-no-small-visibility\" style=\"--awb-bg-size:cover;--awb-width-large:25%;--awb-margin-top-large:0px;--awb-spacing-right-large:7.68%;--awb-margin-bottom-large:20px;--awb-spacing-left-large:7.68%;--awb-width-medium:25%;--awb-order-medium:0;--awb-spacing-right-medium:7.68%;--awb-spacing-left-medium:7.68%;--awb-width-small:100%;--awb-order-small:0;--awb-spacing-right-small:1.92%;--awb-spacing-left-small:1.92%;\"><div class=\"fusion-column-wrapper fusion-column-has-shadow fusion-flex-justify-content-flex-start fusion-content-layout-column\"><\/div><\/div><div class=\"fusion-layout-column fusion_builder_column fusion-builder-column-8 fusion_builder_column_1_2 1_2 fusion-flex-column fusion-animated\" style=\"--awb-bg-size:cover;--awb-width-large:50%;--awb-margin-top-large:50px;--awb-spacing-right-large:3.84%;--awb-margin-bottom-large:20px;--awb-spacing-left-large:3.84%;--awb-width-medium:50%;--awb-order-medium:0;--awb-spacing-right-medium:3.84%;--awb-spacing-left-medium:3.84%;--awb-width-small:100%;--awb-order-small:0;--awb-margin-top-small:0px;--awb-spacing-right-small:1.92%;--awb-spacing-left-small:1.92%;\" data-animationType=\"fadeInDown\" data-animationDuration=\"0.8\" data-animationOffset=\"top-into-view\"><div class=\"fusion-column-wrapper fusion-column-has-shadow fusion-flex-justify-content-flex-start fusion-content-layout-column\"><div class=\"fusion-text fusion-text-4\"><p>M\u00e1s de 4,5 millones de personas mayores de 65 a\u00f1os padecen demencia. Adem\u00e1s, 4 millones presentan deterioro cognitivo leve, de los cuales aproximadamente el 50 % de los casos evolucionar\u00e1 a demencia. Los costos globales asociados a la demencia son casi tres veces mayores que los de enfermedades comunes como el c\u00e1ncer, las enfermedades card\u00edacas o los accidentes cerebrovasculares. Este tema fue tratado en la Cumbre del G8 de 2013.<\/p>\n<p>La enfermedad de Alzheimer impide que el cerebro utilice correctamente la glucosa. Como consecuencia, las c\u00e9lulas cerebrales privadas de energ\u00eda entran en un estado de latencia, para luego deteriorarse y perder su funci\u00f3n.<\/p>\n<p>Los resultados de esc\u00e1neres PET* que comparan cerebros de personas mayores sanas y pacientes con Alzheimer han mostrado un uso notablemente menor de glucosa en los cerebros de los pacientes con Alzheimer en comparaci\u00f3n con los sujetos mayores sanos.<\/p>\n<\/div><div class=\"fusion-text fusion-text-5\" style=\"--awb-content-alignment:left;--awb-font-size:12px;--awb-text-color:#a5a5a5;\"><p>*PET es la sigla de Tomograf\u00eda por Emisi\u00f3n de Positrones, una t\u00e9cnica que permite observar la captaci\u00f3n de az\u00facar en el cerebro. Tambi\u00e9n se utiliza en el diagn\u00f3stico de pacientes con Alzheimer.<\/p>\n<\/div><\/div><\/div><div class=\"fusion-layout-column fusion_builder_column fusion-builder-column-9 fusion_builder_column_1_2 1_2 fusion-flex-column fusion-animated\" style=\"--awb-bg-size:cover;--awb-width-large:50%;--awb-margin-top-large:50px;--awb-spacing-right-large:3.84%;--awb-margin-bottom-large:20px;--awb-spacing-left-large:3.84%;--awb-width-medium:50%;--awb-order-medium:0;--awb-spacing-right-medium:3.84%;--awb-spacing-left-medium:3.84%;--awb-width-small:100%;--awb-order-small:0;--awb-margin-top-small:0px;--awb-spacing-right-small:1.92%;--awb-spacing-left-small:1.92%;\" data-animationType=\"fadeInDown\" data-animationDuration=\"0.8\" data-animationOffset=\"top-into-view\"><div class=\"fusion-column-wrapper fusion-column-has-shadow fusion-flex-justify-content-flex-start fusion-content-layout-column\"><div class=\"fusion-text fusion-text-6\" style=\"--awb-content-alignment:center;\"><p>Uptake of Glucose into the Brain<\/p>\n<\/div><div class=\"fusion-image-element \" style=\"text-align:center;--awb-caption-title-font-family:var(--h2_typography-font-family);--awb-caption-title-font-weight:var(--h2_typography-font-weight);--awb-caption-title-font-style:var(--h2_typography-font-style);--awb-caption-title-size:var(--h2_typography-font-size);--awb-caption-title-transform:var(--h2_typography-text-transform);--awb-caption-title-line-height:var(--h2_typography-line-height);--awb-caption-title-letter-spacing:var(--h2_typography-letter-spacing);\"><span class=\" fusion-imageframe imageframe-none imageframe-2 hover-type-none\"><img decoding=\"async\" width=\"365\" height=\"294\" title=\"healty-brain\" src=\"https:\/\/www.iql-nog.com\/wp-content\/uploads\/2021\/01\/healty-brain.png\" data-orig-src=\"https:\/\/www.iql-nog.com\/wp-content\/uploads\/2021\/01\/healty-brain.png\" alt class=\"lazyload img-responsive wp-image-3214\" srcset=\"data:image\/svg+xml,%3Csvg%20xmlns%3D%27http%3A%2F%2Fwww.w3.org%2F2000%2Fsvg%27%20width%3D%27365%27%20height%3D%27294%27%20viewBox%3D%270%200%20365%20294%27%3E%3Crect%20width%3D%27365%27%20height%3D%27294%27%20fill-opacity%3D%220%22%2F%3E%3C%2Fsvg%3E\" data-srcset=\"https:\/\/www.iql-nog.com\/wp-content\/uploads\/2021\/01\/healty-brain-200x161.png 200w, https:\/\/www.iql-nog.com\/wp-content\/uploads\/2021\/01\/healty-brain.png 365w\" data-sizes=\"auto\" data-orig-sizes=\"(max-width: 640px) 100vw, 365px\" \/><\/span><\/div><div class=\"fusion-text fusion-text-7\" style=\"--awb-content-alignment:center;--awb-font-size:12px;--awb-text-color:#a5a5a5;\"><p>Source: Modifi ed from <em>Nature Reviews Neurology, <\/em>2011; 7 (3): 137\u201352<\/p>\n<\/div><\/div><\/div><div class=\"fusion-layout-column fusion_builder_column fusion-builder-column-10 fusion_builder_column_1_2 1_2 fusion-flex-column fusion-animated\" style=\"--awb-bg-size:cover;--awb-width-large:50%;--awb-margin-top-large:50px;--awb-spacing-right-large:2.304%;--awb-margin-bottom-large:20px;--awb-spacing-left-large:3.84%;--awb-width-medium:50%;--awb-order-medium:0;--awb-spacing-right-medium:2.304%;--awb-spacing-left-medium:3.84%;--awb-width-small:100%;--awb-order-small:0;--awb-margin-top-small:0px;--awb-spacing-right-small:1.92%;--awb-spacing-left-small:1.92%;\" data-animationType=\"fadeInDown\" data-animationDuration=\"0.8\" data-animationOffset=\"top-into-view\"><div class=\"fusion-column-wrapper fusion-column-has-shadow fusion-flex-justify-content-flex-start fusion-content-layout-column\"><div class=\"fusion-text fusion-text-8\" style=\"--awb-content-alignment:center;--awb-letter-spacing:-0.3px;\"><p>Cambios en el volumen de cuerpos cet\u00f3nicos en sangre tras la ingesta de MCTs<\/p>\n<\/div><div class=\"fusion-separator fusion-full-width-sep\" style=\"align-self: center;margin-left: auto;margin-right: auto;margin-top:5px;margin-bottom:5px;width:100%;\"><div class=\"fusion-separator-border sep-double\" style=\"--awb-height:20px;--awb-amount:20px;border-color:#e0dede;border-top-width:0px;border-bottom-width:0px;\"><\/div><\/div><div class=\"fusion-image-element \" style=\"text-align:center;--awb-caption-title-font-family:var(--h2_typography-font-family);--awb-caption-title-font-weight:var(--h2_typography-font-weight);--awb-caption-title-font-style:var(--h2_typography-font-style);--awb-caption-title-size:var(--h2_typography-font-size);--awb-caption-title-transform:var(--h2_typography-text-transform);--awb-caption-title-line-height:var(--h2_typography-line-height);--awb-caption-title-letter-spacing:var(--h2_typography-letter-spacing);\"><span class=\" fusion-imageframe imageframe-none imageframe-3 hover-type-none\"><img decoding=\"async\" width=\"293\" height=\"231\" title=\"brain-ketone\" src=\"https:\/\/www.iql-nog.com\/wp-content\/uploads\/2021\/01\/brain-ketone.png\" data-orig-src=\"https:\/\/www.iql-nog.com\/wp-content\/uploads\/2021\/01\/brain-ketone.png\" alt class=\"lazyload img-responsive wp-image-3215\" srcset=\"data:image\/svg+xml,%3Csvg%20xmlns%3D%27http%3A%2F%2Fwww.w3.org%2F2000%2Fsvg%27%20width%3D%27293%27%20height%3D%27231%27%20viewBox%3D%270%200%20293%20231%27%3E%3Crect%20width%3D%27293%27%20height%3D%27231%27%20fill-opacity%3D%220%22%2F%3E%3C%2Fsvg%3E\" data-srcset=\"https:\/\/www.iql-nog.com\/wp-content\/uploads\/2021\/01\/brain-ketone-200x158.png 200w, https:\/\/www.iql-nog.com\/wp-content\/uploads\/2021\/01\/brain-ketone.png 293w\" data-sizes=\"auto\" data-orig-sizes=\"(max-width: 640px) 100vw, 293px\" \/><\/span><\/div><div class=\"fusion-separator fusion-full-width-sep\" style=\"align-self: center;margin-left: auto;margin-right: auto;margin-top:5px;margin-bottom:5px;width:100%;\"><div class=\"fusion-separator-border sep-double\" style=\"--awb-height:20px;--awb-amount:20px;border-color:#e0dede;border-top-width:0px;border-bottom-width:0px;\"><\/div><\/div><div class=\"fusion-text fusion-text-9\" style=\"--awb-content-alignment:left;--awb-font-size:12px;--awb-text-color:#a5a5a5;\"><p>* Source: Modifi ed from Pi-Sunyer F. X., Hashim S. A., Van Itallie T. B., Diabetes, 1969; 18, 96\u2013100. Have 14 healthy subjects ingest 1 g of MCTs (composed principally of C8 and C10 fatty acids) per 1 kg of body weight and 1 g of corn oil per 1 kg of body weight after overnight fasting. Change in ketone body volume: Volume change 0 hours after ingestion.<\/p>\n<\/div><\/div><\/div><div class=\"fusion-layout-column fusion_builder_column fusion-builder-column-11 fusion_builder_column_1_2 1_2 fusion-flex-column fusion-animated\" style=\"--awb-bg-size:cover;--awb-width-large:50%;--awb-margin-top-large:50px;--awb-spacing-right-large:3.84%;--awb-margin-bottom-large:20px;--awb-spacing-left-large:3.84%;--awb-width-medium:50%;--awb-order-medium:0;--awb-spacing-right-medium:3.84%;--awb-spacing-left-medium:3.84%;--awb-width-small:100%;--awb-order-small:0;--awb-margin-top-small:0px;--awb-spacing-right-small:1.92%;--awb-margin-bottom-small:0px;--awb-spacing-left-small:1.92%;\" data-animationType=\"fadeInDown\" data-animationDuration=\"0.8\" data-animationOffset=\"top-into-view\"><div class=\"fusion-column-wrapper fusion-column-has-shadow fusion-flex-justify-content-flex-start fusion-content-layout-column\"><div class=\"fusion-text fusion-text-10\"><p>La ingesti\u00f3n de <strong>Quolio\u2122<\/strong> estimula la s\u00edntesis de cuerpos cet\u00f3nicos en el h\u00edgado. Estas cetonas act\u00faan como una fuente alternativa de energ\u00eda para el cerebro cuando el suministro de glucosa es limitado. Incluso cuando la glucosa est\u00e1 presente en el cuerpo, <strong>Quolio\u2122<\/strong> favorece una generaci\u00f3n eficiente de cuerpos cet\u00f3nicos.<\/p>\n<p>Al comparar la misma cantidad ingerida de triglic\u00e9ridos de cadena larga (LCT), presentes en grasas y aceites comunes, con triglic\u00e9ridos de cadena media (MCT) como <strong>Quolio\u2122<\/strong>, los MCT demuestran una mayor eficiencia en la producci\u00f3n de cetonas.<\/p>\n<\/div><\/div><\/div><div class=\"fusion-layout-column fusion_builder_column fusion-builder-column-12 fusion_builder_column_1_2 1_2 fusion-flex-column fusion-animated\" style=\"--awb-bg-size:cover;--awb-width-large:50%;--awb-margin-top-large:50px;--awb-spacing-right-large:3.84%;--awb-margin-bottom-large:20px;--awb-spacing-left-large:3.84%;--awb-width-medium:50%;--awb-order-medium:0;--awb-spacing-right-medium:3.84%;--awb-spacing-left-medium:3.84%;--awb-width-small:100%;--awb-order-small:0;--awb-margin-top-small:0px;--awb-spacing-right-small:1.92%;--awb-spacing-left-small:1.92%;\" data-animationType=\"fadeInDown\" data-animationDuration=\"0.8\" data-animationOffset=\"top-into-view\"><div class=\"fusion-column-wrapper fusion-column-has-shadow fusion-flex-justify-content-flex-start fusion-content-layout-column\"><div class=\"fusion-text fusion-text-11\"><p>Los resultados de una investigaci\u00f3n realizada en Estados Unidos sobre el impacto de la ingesti\u00f3n de MCT (<strong>Quolio\u2122<\/strong>) en la enfermedad de Alzheimer fueron publicados recientemente. Seg\u00fan estos datos, el nivel de cuerpos cet\u00f3nicos en sangre de un grupo que consumi\u00f3 MCT aument\u00f3, mostrando efectos positivos en la ralentizaci\u00f3n del deterioro de la memoria.<\/p>\n<p>A partir de estos resultados, se sugiere que las c\u00e9lulas cerebrales que entran en un estado de latencia debido a deficiencias energ\u00e9ticas pueden volver a funcionar gracias a la energ\u00eda proporcionada por los cuerpos cet\u00f3nicos.<\/p>\n<\/div><\/div><\/div><div class=\"fusion-layout-column fusion_builder_column fusion-builder-column-13 fusion_builder_column_1_2 1_2 fusion-flex-column fusion-animated\" style=\"--awb-bg-size:cover;--awb-width-large:50%;--awb-margin-top-large:50px;--awb-spacing-right-large:3.84%;--awb-margin-bottom-large:20px;--awb-spacing-left-large:3.84%;--awb-width-medium:50%;--awb-order-medium:0;--awb-spacing-right-medium:3.84%;--awb-spacing-left-medium:3.84%;--awb-width-small:100%;--awb-order-small:0;--awb-margin-top-small:0px;--awb-spacing-right-small:1.92%;--awb-spacing-left-small:1.92%;\" data-animationType=\"fadeInDown\" data-animationDuration=\"0.8\" data-animationOffset=\"top-into-view\"><div class=\"fusion-column-wrapper fusion-column-has-shadow fusion-flex-justify-content-flex-start fusion-content-layout-column\"><div class=\"fusion-image-element \" style=\"text-align:center;--awb-max-width:400px;--awb-caption-title-font-family:var(--h2_typography-font-family);--awb-caption-title-font-weight:var(--h2_typography-font-weight);--awb-caption-title-font-style:var(--h2_typography-font-style);--awb-caption-title-size:var(--h2_typography-font-size);--awb-caption-title-transform:var(--h2_typography-text-transform);--awb-caption-title-line-height:var(--h2_typography-line-height);--awb-caption-title-letter-spacing:var(--h2_typography-letter-spacing);\"><span class=\" fusion-imageframe imageframe-none imageframe-4 hover-type-none\"><img decoding=\"async\" width=\"500\" height=\"336\" title=\"Food and feed Ingestion Time\" src=\"https:\/\/www.iql-nog.com\/wp-content\/uploads\/2021\/01\/Food-and-feed-Ingestion-Time.jpg\" data-orig-src=\"https:\/\/www.iql-nog.com\/wp-content\/uploads\/2021\/01\/Food-and-feed-Ingestion-Time.jpg\" alt class=\"lazyload img-responsive wp-image-3248\" srcset=\"data:image\/svg+xml,%3Csvg%20xmlns%3D%27http%3A%2F%2Fwww.w3.org%2F2000%2Fsvg%27%20width%3D%27500%27%20height%3D%27336%27%20viewBox%3D%270%200%20500%20336%27%3E%3Crect%20width%3D%27500%27%20height%3D%27336%27%20fill-opacity%3D%220%22%2F%3E%3C%2Fsvg%3E\" data-srcset=\"https:\/\/www.iql-nog.com\/wp-content\/uploads\/2021\/01\/Food-and-feed-Ingestion-Time-200x134.jpg 200w, https:\/\/www.iql-nog.com\/wp-content\/uploads\/2021\/01\/Food-and-feed-Ingestion-Time-400x269.jpg 400w, https:\/\/www.iql-nog.com\/wp-content\/uploads\/2021\/01\/Food-and-feed-Ingestion-Time.jpg 500w\" data-sizes=\"auto\" data-orig-sizes=\"(max-width: 640px) 100vw, 500px\" \/><\/span><\/div><div class=\"fusion-separator fusion-full-width-sep\" style=\"align-self: center;margin-left: auto;margin-right: auto;margin-top:5px;margin-bottom:5px;width:100%;\"><div class=\"fusion-separator-border sep-double\" style=\"--awb-height:20px;--awb-amount:20px;border-color:#e0dede;border-top-width:0px;border-bottom-width:0px;\"><\/div><\/div><div class=\"fusion-text fusion-text-12\" style=\"--awb-content-alignment:left;--awb-font-size:12px;--awb-text-color:#a5a5a5;\"><p>*Source: Modifi ed from Henderson S. T. et al., Journal of Nutrition and Metabolism (London), 2009; 6, 31. Commenced with group of 124 Alzheimer\u2019s patients and persons suffering from mild cognitive disorders. Change in memory retention: Difference in ADAS-Cog score compared to start of study. Improvement indicated in subjects with smaller values.<\/p>\n<\/div><\/div><\/div><\/div><\/div>\n","protected":false},"excerpt":{"rendered":"","protected":false},"author":1,"featured_media":0,"parent":3701,"menu_order":0,"comment_status":"closed","ping_status":"closed","template":"","meta":{"inline_featured_image":false,"footnotes":""},"class_list":["post-3712","page","type-page","status-publish","hentry"],"yoast_head":"<!-- This site is optimized with the Yoast SEO plugin v27.3 - https:\/\/yoast.com\/product\/yoast-seo-wordpress\/ -->\n<title>Salud cerebral - IQL<\/title>\n<meta name=\"robots\" content=\"index, follow, max-snippet:-1, max-image-preview:large, max-video-preview:-1\" \/>\n<link rel=\"canonical\" href=\"https:\/\/www.iql-nog.com\/es\/productos-y-mercados\/alimentacion-humana-y-animal\/salud-cerebral\/\" \/>\n<meta property=\"og:locale\" content=\"es_ES\" \/>\n<meta property=\"og:type\" content=\"article\" \/>\n<meta property=\"og:title\" content=\"Salud cerebral - IQL\" \/>\n<meta property=\"og:url\" content=\"https:\/\/www.iql-nog.com\/es\/productos-y-mercados\/alimentacion-humana-y-animal\/salud-cerebral\/\" \/>\n<meta property=\"og:site_name\" content=\"IQL\" \/>\n<meta property=\"article:modified_time\" content=\"2025-08-04T13:35:07+00:00\" \/>\n<meta name=\"twitter:card\" content=\"summary_large_image\" \/>\n<meta name=\"twitter:label1\" content=\"Tiempo de lectura\" \/>\n\t<meta name=\"twitter:data1\" content=\"4 minutos\" \/>\n<script type=\"application\/ld+json\" class=\"yoast-schema-graph\">{\"@context\":\"https:\\\/\\\/schema.org\",\"@graph\":[{\"@type\":\"WebPage\",\"@id\":\"https:\\\/\\\/www.iql-nog.com\\\/es\\\/productos-y-mercados\\\/alimentacion-humana-y-animal\\\/salud-cerebral\\\/\",\"url\":\"https:\\\/\\\/www.iql-nog.com\\\/es\\\/productos-y-mercados\\\/alimentacion-humana-y-animal\\\/salud-cerebral\\\/\",\"name\":\"Salud cerebral - IQL\",\"isPartOf\":{\"@id\":\"https:\\\/\\\/www.iql-nog.com\\\/es\\\/#website\"},\"datePublished\":\"2021-01-14T22:25:36+00:00\",\"dateModified\":\"2025-08-04T13:35:07+00:00\",\"breadcrumb\":{\"@id\":\"https:\\\/\\\/www.iql-nog.com\\\/es\\\/productos-y-mercados\\\/alimentacion-humana-y-animal\\\/salud-cerebral\\\/#breadcrumb\"},\"inLanguage\":\"es\",\"potentialAction\":[{\"@type\":\"ReadAction\",\"target\":[\"https:\\\/\\\/www.iql-nog.com\\\/es\\\/productos-y-mercados\\\/alimentacion-humana-y-animal\\\/salud-cerebral\\\/\"]}]},{\"@type\":\"BreadcrumbList\",\"@id\":\"https:\\\/\\\/www.iql-nog.com\\\/es\\\/productos-y-mercados\\\/alimentacion-humana-y-animal\\\/salud-cerebral\\\/#breadcrumb\",\"itemListElement\":[{\"@type\":\"ListItem\",\"position\":1,\"name\":\"Portada\",\"item\":\"https:\\\/\\\/www.iql-nog.com\\\/es\\\/\"},{\"@type\":\"ListItem\",\"position\":2,\"name\":\"Productos y Mercados\",\"item\":\"https:\\\/\\\/www.iql-nog.com\\\/es\\\/productos-y-mercados\\\/\"},{\"@type\":\"ListItem\",\"position\":3,\"name\":\"Alimentaci\u00f3n Humana y Animal\",\"item\":\"https:\\\/\\\/www.iql-nog.com\\\/es\\\/productos-y-mercados\\\/alimentacion-humana-y-animal\\\/\"},{\"@type\":\"ListItem\",\"position\":4,\"name\":\"Salud cerebral\"}]},{\"@type\":\"WebSite\",\"@id\":\"https:\\\/\\\/www.iql-nog.com\\\/es\\\/#website\",\"url\":\"https:\\\/\\\/www.iql-nog.com\\\/es\\\/\",\"name\":\"IQL-NOG\",\"description\":\"Responsible Chemistry\",\"publisher\":{\"@id\":\"https:\\\/\\\/www.iql-nog.com\\\/es\\\/#organization\"},\"potentialAction\":[{\"@type\":\"SearchAction\",\"target\":{\"@type\":\"EntryPoint\",\"urlTemplate\":\"https:\\\/\\\/www.iql-nog.com\\\/es\\\/?s={search_term_string}\"},\"query-input\":{\"@type\":\"PropertyValueSpecification\",\"valueRequired\":true,\"valueName\":\"search_term_string\"}}],\"inLanguage\":\"es\"},{\"@type\":\"Organization\",\"@id\":\"https:\\\/\\\/www.iql-nog.com\\\/es\\\/#organization\",\"name\":\"Industrial Qu\u00edmica Lasem S.A.U.\",\"url\":\"https:\\\/\\\/www.iql-nog.com\\\/es\\\/\",\"logo\":{\"@type\":\"ImageObject\",\"inLanguage\":\"es\",\"@id\":\"https:\\\/\\\/www.iql-nog.com\\\/es\\\/#\\\/schema\\\/logo\\\/image\\\/\",\"url\":\"https:\\\/\\\/www.iql-nog.com\\\/wp-content\\\/uploads\\\/2021\\\/01\\\/logo-footer.svg\",\"contentUrl\":\"https:\\\/\\\/www.iql-nog.com\\\/wp-content\\\/uploads\\\/2021\\\/01\\\/logo-footer.svg\",\"width\":\"1024\",\"height\":\"1024\",\"caption\":\"Industrial Qu\u00edmica Lasem S.A.U.\"},\"image\":{\"@id\":\"https:\\\/\\\/www.iql-nog.com\\\/es\\\/#\\\/schema\\\/logo\\\/image\\\/\"}}]}<\/script>\n<!-- \/ Yoast SEO plugin. -->","yoast_head_json":{"title":"Salud cerebral - IQL","robots":{"index":"index","follow":"follow","max-snippet":"max-snippet:-1","max-image-preview":"max-image-preview:large","max-video-preview":"max-video-preview:-1"},"canonical":"https:\/\/www.iql-nog.com\/es\/productos-y-mercados\/alimentacion-humana-y-animal\/salud-cerebral\/","og_locale":"es_ES","og_type":"article","og_title":"Salud cerebral - IQL","og_url":"https:\/\/www.iql-nog.com\/es\/productos-y-mercados\/alimentacion-humana-y-animal\/salud-cerebral\/","og_site_name":"IQL","article_modified_time":"2025-08-04T13:35:07+00:00","twitter_card":"summary_large_image","twitter_misc":{"Tiempo de lectura":"4 minutos"},"schema":{"@context":"https:\/\/schema.org","@graph":[{"@type":"WebPage","@id":"https:\/\/www.iql-nog.com\/es\/productos-y-mercados\/alimentacion-humana-y-animal\/salud-cerebral\/","url":"https:\/\/www.iql-nog.com\/es\/productos-y-mercados\/alimentacion-humana-y-animal\/salud-cerebral\/","name":"Salud cerebral - IQL","isPartOf":{"@id":"https:\/\/www.iql-nog.com\/es\/#website"},"datePublished":"2021-01-14T22:25:36+00:00","dateModified":"2025-08-04T13:35:07+00:00","breadcrumb":{"@id":"https:\/\/www.iql-nog.com\/es\/productos-y-mercados\/alimentacion-humana-y-animal\/salud-cerebral\/#breadcrumb"},"inLanguage":"es","potentialAction":[{"@type":"ReadAction","target":["https:\/\/www.iql-nog.com\/es\/productos-y-mercados\/alimentacion-humana-y-animal\/salud-cerebral\/"]}]},{"@type":"BreadcrumbList","@id":"https:\/\/www.iql-nog.com\/es\/productos-y-mercados\/alimentacion-humana-y-animal\/salud-cerebral\/#breadcrumb","itemListElement":[{"@type":"ListItem","position":1,"name":"Portada","item":"https:\/\/www.iql-nog.com\/es\/"},{"@type":"ListItem","position":2,"name":"Productos y Mercados","item":"https:\/\/www.iql-nog.com\/es\/productos-y-mercados\/"},{"@type":"ListItem","position":3,"name":"Alimentaci\u00f3n Humana y Animal","item":"https:\/\/www.iql-nog.com\/es\/productos-y-mercados\/alimentacion-humana-y-animal\/"},{"@type":"ListItem","position":4,"name":"Salud cerebral"}]},{"@type":"WebSite","@id":"https:\/\/www.iql-nog.com\/es\/#website","url":"https:\/\/www.iql-nog.com\/es\/","name":"IQL-NOG","description":"Responsible Chemistry","publisher":{"@id":"https:\/\/www.iql-nog.com\/es\/#organization"},"potentialAction":[{"@type":"SearchAction","target":{"@type":"EntryPoint","urlTemplate":"https:\/\/www.iql-nog.com\/es\/?s={search_term_string}"},"query-input":{"@type":"PropertyValueSpecification","valueRequired":true,"valueName":"search_term_string"}}],"inLanguage":"es"},{"@type":"Organization","@id":"https:\/\/www.iql-nog.com\/es\/#organization","name":"Industrial Qu\u00edmica Lasem S.A.U.","url":"https:\/\/www.iql-nog.com\/es\/","logo":{"@type":"ImageObject","inLanguage":"es","@id":"https:\/\/www.iql-nog.com\/es\/#\/schema\/logo\/image\/","url":"https:\/\/www.iql-nog.com\/wp-content\/uploads\/2021\/01\/logo-footer.svg","contentUrl":"https:\/\/www.iql-nog.com\/wp-content\/uploads\/2021\/01\/logo-footer.svg","width":"1024","height":"1024","caption":"Industrial Qu\u00edmica Lasem S.A.U."},"image":{"@id":"https:\/\/www.iql-nog.com\/es\/#\/schema\/logo\/image\/"}}]}},"_links":{"self":[{"href":"https:\/\/www.iql-nog.com\/es\/wp-json\/wp\/v2\/pages\/3712","targetHints":{"allow":["GET"]}}],"collection":[{"href":"https:\/\/www.iql-nog.com\/es\/wp-json\/wp\/v2\/pages"}],"about":[{"href":"https:\/\/www.iql-nog.com\/es\/wp-json\/wp\/v2\/types\/page"}],"author":[{"embeddable":true,"href":"https:\/\/www.iql-nog.com\/es\/wp-json\/wp\/v2\/users\/1"}],"replies":[{"embeddable":true,"href":"https:\/\/www.iql-nog.com\/es\/wp-json\/wp\/v2\/comments?post=3712"}],"version-history":[{"count":2,"href":"https:\/\/www.iql-nog.com\/es\/wp-json\/wp\/v2\/pages\/3712\/revisions"}],"predecessor-version":[{"id":3718,"href":"https:\/\/www.iql-nog.com\/es\/wp-json\/wp\/v2\/pages\/3712\/revisions\/3718"}],"up":[{"embeddable":true,"href":"https:\/\/www.iql-nog.com\/es\/wp-json\/wp\/v2\/pages\/3701"}],"wp:attachment":[{"href":"https:\/\/www.iql-nog.com\/es\/wp-json\/wp\/v2\/media?parent=3712"}],"curies":[{"name":"wp","href":"https:\/\/api.w.org\/{rel}","templated":true}]}}